{"id":1831,"date":"2023-06-27T15:41:48","date_gmt":"2023-06-27T13:41:48","guid":{"rendered":"https:\/\/savibal.com\/carried-out\/"},"modified":"2024-11-27T18:15:51","modified_gmt":"2024-11-27T16:15:51","slug":"carried-out","status":"publish","type":"page","link":"https:\/\/savibal.com\/en\/carried-out\/","title":{"rendered":"carried out"},"content":{"rendered":"\t\t<div data-elementor-type=\"wp-page\" data-elementor-id=\"1831\" class=\"elementor elementor-1831 elementor-824\" data-elementor-post-type=\"page\">\n\t\t\t\t\t\t\t\t\t<section class=\"elementor-section elementor-top-section elementor-element elementor-element-eacaad5 elementor-section-full_width elementor-section-height-default elementor-section-height-default\" data-id=\"eacaad5\" data-element_type=\"section\" data-settings=\"{&quot;background_background&quot;:&quot;classic&quot;}\">\n\t\t\t\t\t\t<div class=\"elementor-container elementor-column-gap-default\">\n\t\t\t\t\t<div class=\"elementor-column elementor-col-50 elementor-top-column elementor-element elementor-element-451d2dc elementor-invisible\" data-id=\"451d2dc\" data-element_type=\"column\" data-settings=\"{&quot;animation&quot;:&quot;fadeIn&quot;}\">\n\t\t\t<div class=\"elementor-widget-wrap elementor-element-populated\">\n\t\t\t\t\t\t\t\t<div class=\"elementor-element elementor-element-7a1e04f elementor-widget elementor-widget-text-editor\" data-id=\"7a1e04f\" data-element_type=\"widget\" data-widget_type=\"text-editor.default\">\n\t\t\t\t<div class=\"elementor-widget-container\">\n\t\t\t<style>\/*! elementor - v3.14.0 - 26-06-2023 *\/\n.elementor-widget-text-editor.elementor-drop-cap-view-stacked .elementor-drop-cap{background-color:#69727d;color:#fff}.elementor-widget-text-editor.elementor-drop-cap-view-framed .elementor-drop-cap{color:#69727d;border:3px solid;background-color:transparent}.elementor-widget-text-editor:not(.elementor-drop-cap-view-default) .elementor-drop-cap{margin-top:8px}.elementor-widget-text-editor:not(.elementor-drop-cap-view-default) .elementor-drop-cap-letter{width:1em;height:1em}.elementor-widget-text-editor .elementor-drop-cap{float:left;text-align:center;line-height:1;font-size:50px}.elementor-widget-text-editor .elementor-drop-cap-letter{display:inline-block}<\/style>\t\t\t\t<p>COMPLETED<\/p>\t\t\t\t\t\t<\/div>\n\t\t\t\t<\/div>\n\t\t\t\t\t<\/div>\n\t\t<\/div>\n\t\t\t\t<div class=\"elementor-column elementor-col-50 elementor-top-column elementor-element elementor-element-3d730c0 elementor-invisible\" data-id=\"3d730c0\" data-element_type=\"column\" data-settings=\"{&quot;background_background&quot;:&quot;classic&quot;,&quot;animation&quot;:&quot;fadeInUp&quot;}\">\n\t\t\t<div class=\"elementor-widget-wrap elementor-element-populated\">\n\t\t\t\t\t\t\t\t<div class=\"elementor-element elementor-element-d009032 elementor-widget elementor-widget-image\" data-id=\"d009032\" data-element_type=\"widget\" data-widget_type=\"image.default\">\n\t\t\t\t<div class=\"elementor-widget-container\">\n\t\t\t<style>\/*! elementor - v3.14.0 - 26-06-2023 *\/\n.elementor-widget-image{text-align:center}.elementor-widget-image a{display:inline-block}.elementor-widget-image a img[src$=\".svg\"]{width:48px}.elementor-widget-image img{vertical-align:middle;display:inline-block}<\/style>\t\t\t\t\t\t\t\t\t\t\t\t<img decoding=\"async\" width=\"1200\" height=\"800\" src=\"https:\/\/savibal.com\/wp-content\/uploads\/2023\/06\/low-res008.jpg\" class=\"attachment-full size-full wp-image-1556\" alt=\"\" loading=\"lazy\" srcset=\"https:\/\/savibal.com\/wp-content\/uploads\/2023\/06\/low-res008.jpg 1200w, https:\/\/savibal.com\/wp-content\/uploads\/2023\/06\/low-res008-300x200.jpg 300w, https:\/\/savibal.com\/wp-content\/uploads\/2023\/06\/low-res008-1024x683.jpg 1024w, https:\/\/savibal.com\/wp-content\/uploads\/2023\/06\/low-res008-768x512.jpg 768w\" sizes=\"(max-width: 1200px) 100vw, 1200px\" \/>\t\t\t\t\t\t\t\t\t\t\t\t\t\t\t<\/div>\n\t\t\t\t<\/div>\n\t\t\t\t\t<\/div>\n\t\t<\/div>\n\t\t\t\t\t\t\t<\/div>\n\t\t<\/section>\n\t\t\t\t<section class=\"elementor-section elementor-top-section elementor-element elementor-element-85957c7 elementor-section-full_width elementor-section-height-default elementor-section-height-default\" data-id=\"85957c7\" data-element_type=\"section\">\n\t\t\t\t\t\t<div class=\"elementor-container elementor-column-gap-default\">\n\t\t\t\t\t<div class=\"elementor-column elementor-col-100 elementor-top-column elementor-element elementor-element-b634ede animated-slow elementor-invisible\" data-id=\"b634ede\" data-element_type=\"column\" data-settings=\"{&quot;animation&quot;:&quot;fadeInUp&quot;}\">\n\t\t\t<div class=\"elementor-widget-wrap elementor-element-populated\">\n\t\t\t\t\t\t\t\t<div class=\"elementor-element elementor-element-ef57c52 elementor-grid-1 elementor-posts--thumbnail-left elementor-posts--align-left elementor-hidden-tablet elementor-hidden-mobile elementor-grid-tablet-2 elementor-grid-mobile-1 elementor-widget elementor-widget-posts\" data-id=\"ef57c52\" data-element_type=\"widget\" data-settings=\"{&quot;classic_columns&quot;:&quot;1&quot;,&quot;classic_row_gap&quot;:{&quot;unit&quot;:&quot;px&quot;,&quot;size&quot;:39,&quot;sizes&quot;:[]},&quot;classic_columns_tablet&quot;:&quot;2&quot;,&quot;classic_columns_mobile&quot;:&quot;1&quot;,&quot;classic_row_gap_tablet&quot;:{&quot;unit&quot;:&quot;px&quot;,&quot;size&quot;:&quot;&quot;,&quot;sizes&quot;:[]},&quot;classic_row_gap_mobile&quot;:{&quot;unit&quot;:&quot;px&quot;,&quot;size&quot;:&quot;&quot;,&quot;sizes&quot;:[]}}\" data-widget_type=\"posts.classic\">\n\t\t\t\t<div class=\"elementor-widget-container\">\n\t\t\t<link rel=\"stylesheet\" href=\"https:\/\/savibal.com\/wp-content\/plugins\/elementor-pro\/assets\/css\/widget-posts.min.css\">\t\t<div class=\"elementor-posts-container elementor-posts elementor-posts--skin-classic elementor-grid\">\n\t\t\t\t<article class=\"elementor-post elementor-grid-item post-451 realizados type-realizados status-publish has-post-thumbnail hentry\">\n\t\t\t\t<a class=\"elementor-post__thumbnail__link\" href=\"https:\/\/savibal.com\/en\/realizados\/canyamel\/\" >\n\t\t\t<div class=\"elementor-post__thumbnail\"><img decoding=\"async\" width=\"2560\" height=\"1438\" src=\"https:\/\/savibal.com\/wp-content\/uploads\/2023\/07\/casa_canyamel_0003-scaled.jpg\" class=\"attachment-full size-full wp-image-1937\" alt=\"\" loading=\"lazy\" srcset=\"https:\/\/savibal.com\/wp-content\/uploads\/2023\/07\/casa_canyamel_0003-scaled.jpg 2560w, https:\/\/savibal.com\/wp-content\/uploads\/2023\/07\/casa_canyamel_0003-300x169.jpg 300w, https:\/\/savibal.com\/wp-content\/uploads\/2023\/07\/casa_canyamel_0003-1024x575.jpg 1024w, https:\/\/savibal.com\/wp-content\/uploads\/2023\/07\/casa_canyamel_0003-768x431.jpg 768w, https:\/\/savibal.com\/wp-content\/uploads\/2023\/07\/casa_canyamel_0003-1536x863.jpg 1536w, https:\/\/savibal.com\/wp-content\/uploads\/2023\/07\/casa_canyamel_0003-2048x1151.jpg 2048w\" sizes=\"(max-width: 2560px) 100vw, 2560px\" \/><\/div>\n\t\t<\/a>\n\t\t\t\t<div class=\"elementor-post__text\">\n\t\t\t\t<h3 class=\"elementor-post__title\">\n\t\t\t<a href=\"https:\/\/savibal.com\/en\/realizados\/canyamel\/\" >\n\t\t\t\tCANYAMEL &#8211; Mar i Cel\t\t\t<\/a>\n\t\t<\/h3>\n\t\t\t\t<div class=\"elementor-post__excerpt\">\n\t\t\t<p>Mar i Cel: Project Management de villa de 1.000 metros cuadrados de superficie aislada t\u00e9rmicamente con sistema Passivehouse, con 1.000 metros cuadrados de terrazas y<\/p>\n\t\t<\/div>\n\t\t\n\t\t<a class=\"elementor-post__read-more\" href=\"https:\/\/savibal.com\/en\/realizados\/canyamel\/\" aria-label=\"Read more about CANYAMEL &#8211; Mar i Cel\" >\n\t\t\tContinue reading\t\t<\/a>\n\n\t\t\t\t<\/div>\n\t\t\t\t<\/article>\n\t\t\t\t<article class=\"elementor-post elementor-grid-item post-453 realizados type-realizados status-publish has-post-thumbnail hentry\">\n\t\t\t\t<a class=\"elementor-post__thumbnail__link\" href=\"https:\/\/savibal.com\/en\/realizados\/canyamel-ii\/\" >\n\t\t\t<div class=\"elementor-post__thumbnail\"><img decoding=\"async\" width=\"1920\" height=\"1311\" src=\"https:\/\/savibal.com\/wp-content\/uploads\/2023\/06\/d0416cd8-7e6e-49b7-80cc-6e974afc4c04.jpg\" class=\"attachment-full size-full wp-image-1366\" alt=\"\" loading=\"lazy\" srcset=\"https:\/\/savibal.com\/wp-content\/uploads\/2023\/06\/d0416cd8-7e6e-49b7-80cc-6e974afc4c04.jpg 1920w, https:\/\/savibal.com\/wp-content\/uploads\/2023\/06\/d0416cd8-7e6e-49b7-80cc-6e974afc4c04-300x205.jpg 300w, https:\/\/savibal.com\/wp-content\/uploads\/2023\/06\/d0416cd8-7e6e-49b7-80cc-6e974afc4c04-1024x699.jpg 1024w, https:\/\/savibal.com\/wp-content\/uploads\/2023\/06\/d0416cd8-7e6e-49b7-80cc-6e974afc4c04-768x524.jpg 768w, https:\/\/savibal.com\/wp-content\/uploads\/2023\/06\/d0416cd8-7e6e-49b7-80cc-6e974afc4c04-1536x1049.jpg 1536w\" sizes=\"(max-width: 1920px) 100vw, 1920px\" \/><\/div>\n\t\t<\/a>\n\t\t\t\t<div class=\"elementor-post__text\">\n\t\t\t\t<h3 class=\"elementor-post__title\">\n\t\t\t<a href=\"https:\/\/savibal.com\/en\/realizados\/canyamel-ii\/\" >\n\t\t\t\tCANYAMEL II &#8211; Vell Mar\u00ed\t\t\t<\/a>\n\t\t<\/h3>\n\t\t\t\t<div class=\"elementor-post__excerpt\">\n\t\t\t<p>Project Management de villa de 500 metros cuadrados de superficie con piscina situada en un acantilado a 60 metros sobre el mar en la costa<\/p>\n\t\t<\/div>\n\t\t\n\t\t<a class=\"elementor-post__read-more\" href=\"https:\/\/savibal.com\/en\/realizados\/canyamel-ii\/\" aria-label=\"Read more about CANYAMEL II &#8211; Vell Mar\u00ed\" >\n\t\t\tContinue reading\t\t<\/a>\n\n\t\t\t\t<\/div>\n\t\t\t\t<\/article>\n\t\t\t\t<article class=\"elementor-post elementor-grid-item post-471 realizados type-realizados status-publish has-post-thumbnail hentry\">\n\t\t\t\t<a class=\"elementor-post__thumbnail__link\" href=\"https:\/\/savibal.com\/en\/realizados\/canyamel-iii\/\" >\n\t\t\t<div class=\"elementor-post__thumbnail\"><img decoding=\"async\" width=\"2560\" height=\"1440\" src=\"https:\/\/savibal.com\/wp-content\/uploads\/2023\/07\/2021-05-26-12.57.56-scaled.jpg\" class=\"attachment-full size-full wp-image-1891\" alt=\"\" loading=\"lazy\" srcset=\"https:\/\/savibal.com\/wp-content\/uploads\/2023\/07\/2021-05-26-12.57.56-scaled.jpg 2560w, https:\/\/savibal.com\/wp-content\/uploads\/2023\/07\/2021-05-26-12.57.56-300x169.jpg 300w, https:\/\/savibal.com\/wp-content\/uploads\/2023\/07\/2021-05-26-12.57.56-1024x576.jpg 1024w, https:\/\/savibal.com\/wp-content\/uploads\/2023\/07\/2021-05-26-12.57.56-768x432.jpg 768w, https:\/\/savibal.com\/wp-content\/uploads\/2023\/07\/2021-05-26-12.57.56-1536x864.jpg 1536w, https:\/\/savibal.com\/wp-content\/uploads\/2023\/07\/2021-05-26-12.57.56-2048x1152.jpg 2048w\" sizes=\"(max-width: 2560px) 100vw, 2560px\" \/><\/div>\n\t\t<\/a>\n\t\t\t\t<div class=\"elementor-post__text\">\n\t\t\t\t<h3 class=\"elementor-post__title\">\n\t\t\t<a href=\"https:\/\/savibal.com\/en\/realizados\/canyamel-iii\/\" >\n\t\t\t\tCANYAMEL III &#8211; Villa de Sue\u00f1os\t\t\t<\/a>\n\t\t<\/h3>\n\t\t\t\t<div class=\"elementor-post__excerpt\">\n\t\t\t<p>Project Management y venta de villa de 350 metros cuadrados de superficie m\u00e1s piscina de estilo californiano, en la costa de Canyamel. Arquitecto: Esteva i<\/p>\n\t\t<\/div>\n\t\t\n\t\t<a class=\"elementor-post__read-more\" href=\"https:\/\/savibal.com\/en\/realizados\/canyamel-iii\/\" aria-label=\"Read more about CANYAMEL III &#8211; Villa de Sue\u00f1os\" >\n\t\t\tContinue reading\t\t<\/a>\n\n\t\t\t\t<\/div>\n\t\t\t\t<\/article>\n\t\t\t\t<article class=\"elementor-post elementor-grid-item post-473 realizados type-realizados status-publish has-post-thumbnail hentry\">\n\t\t\t\t<a class=\"elementor-post__thumbnail__link\" href=\"https:\/\/savibal.com\/en\/realizados\/cala-anguila\/\" >\n\t\t\t<div class=\"elementor-post__thumbnail\"><img decoding=\"async\" width=\"1259\" height=\"619\" src=\"https:\/\/savibal.com\/wp-content\/uploads\/2023\/06\/Captura-de-pantalla-2023-05-26-152950.png\" class=\"attachment-full size-full wp-image-705\" alt=\"\" loading=\"lazy\" srcset=\"https:\/\/savibal.com\/wp-content\/uploads\/2023\/06\/Captura-de-pantalla-2023-05-26-152950.png 1259w, https:\/\/savibal.com\/wp-content\/uploads\/2023\/06\/Captura-de-pantalla-2023-05-26-152950-300x147.png 300w, https:\/\/savibal.com\/wp-content\/uploads\/2023\/06\/Captura-de-pantalla-2023-05-26-152950-1024x503.png 1024w, https:\/\/savibal.com\/wp-content\/uploads\/2023\/06\/Captura-de-pantalla-2023-05-26-152950-768x378.png 768w\" sizes=\"(max-width: 1259px) 100vw, 1259px\" \/><\/div>\n\t\t<\/a>\n\t\t\t\t<div class=\"elementor-post__text\">\n\t\t\t\t<h3 class=\"elementor-post__title\">\n\t\t\t<a href=\"https:\/\/savibal.com\/en\/realizados\/cala-anguila\/\" >\n\t\t\t\tCALA ANGUILA\t\t\t<\/a>\n\t\t<\/h3>\n\t\t\t\t<div class=\"elementor-post__excerpt\">\n\t\t\t<p>A\u00f1o 2006: Promoci\u00f3n, Project Management y comercializaci\u00f3n de urbanizaci\u00f3n de 39 viviendas con piscina en la zona de Cala Anguila.<\/p>\n\t\t<\/div>\n\t\t\n\t\t<a class=\"elementor-post__read-more\" href=\"https:\/\/savibal.com\/en\/realizados\/cala-anguila\/\" aria-label=\"Read more about CALA ANGUILA\" >\n\t\t\tContinue reading\t\t<\/a>\n\n\t\t\t\t<\/div>\n\t\t\t\t<\/article>\n\t\t\t\t<article class=\"elementor-post elementor-grid-item post-475 realizados type-realizados status-publish has-post-thumbnail hentry\">\n\t\t\t\t<a class=\"elementor-post__thumbnail__link\" href=\"https:\/\/savibal.com\/en\/realizados\/capdepera\/\" >\n\t\t\t<div class=\"elementor-post__thumbnail\"><img decoding=\"async\" width=\"2048\" height=\"1348\" src=\"https:\/\/savibal.com\/wp-content\/uploads\/2023\/06\/WhatsApp-Image-2024-03-18-at-09.40.28.jpeg\" class=\"attachment-full size-full wp-image-2085\" alt=\"\" loading=\"lazy\" srcset=\"https:\/\/savibal.com\/wp-content\/uploads\/2023\/06\/WhatsApp-Image-2024-03-18-at-09.40.28.jpeg 2048w, https:\/\/savibal.com\/wp-content\/uploads\/2023\/06\/WhatsApp-Image-2024-03-18-at-09.40.28-300x197.jpeg 300w, https:\/\/savibal.com\/wp-content\/uploads\/2023\/06\/WhatsApp-Image-2024-03-18-at-09.40.28-1024x674.jpeg 1024w, https:\/\/savibal.com\/wp-content\/uploads\/2023\/06\/WhatsApp-Image-2024-03-18-at-09.40.28-768x506.jpeg 768w, https:\/\/savibal.com\/wp-content\/uploads\/2023\/06\/WhatsApp-Image-2024-03-18-at-09.40.28-1536x1011.jpeg 1536w\" sizes=\"(max-width: 2048px) 100vw, 2048px\" \/><\/div>\n\t\t<\/a>\n\t\t\t\t<div class=\"elementor-post__text\">\n\t\t\t\t<h3 class=\"elementor-post__title\">\n\t\t\t<a href=\"https:\/\/savibal.com\/en\/realizados\/capdepera\/\" >\n\t\t\t\tCAPDEPERA\t\t\t<\/a>\n\t\t<\/h3>\n\t\t\t\t<div class=\"elementor-post__excerpt\">\n\t\t\t<p>Rehabilitaci\u00f3n integral y Construcci\u00f3n de Townhouse estilo mallorqu\u00edn con patio y piscina en el centro del pueblo costero de Capdepera. Arquitecto: Nadal Arquitectos<\/p>\n\t\t<\/div>\n\t\t\n\t\t<a class=\"elementor-post__read-more\" href=\"https:\/\/savibal.com\/en\/realizados\/capdepera\/\" aria-label=\"Read more about CAPDEPERA\" >\n\t\t\tContinue reading\t\t<\/a>\n\n\t\t\t\t<\/div>\n\t\t\t\t<\/article>\n\t\t\t\t<article class=\"elementor-post elementor-grid-item post-477 realizados type-realizados status-publish has-post-thumbnail hentry\">\n\t\t\t\t<a class=\"elementor-post__thumbnail__link\" href=\"https:\/\/savibal.com\/en\/realizados\/espacio-el-conclave\/\" >\n\t\t\t<div class=\"elementor-post__thumbnail\"><img decoding=\"async\" width=\"640\" height=\"576\" src=\"https:\/\/savibal.com\/wp-content\/uploads\/2023\/06\/311115299_509449994521675_8149761710092084218_n.jpg\" class=\"attachment-full size-full wp-image-478\" alt=\"\" loading=\"lazy\" srcset=\"https:\/\/savibal.com\/wp-content\/uploads\/2023\/06\/311115299_509449994521675_8149761710092084218_n.jpg 640w, https:\/\/savibal.com\/wp-content\/uploads\/2023\/06\/311115299_509449994521675_8149761710092084218_n-300x270.jpg 300w\" sizes=\"(max-width: 640px) 100vw, 640px\" \/><\/div>\n\t\t<\/a>\n\t\t\t\t<div class=\"elementor-post__text\">\n\t\t\t\t<h3 class=\"elementor-post__title\">\n\t\t\t<a href=\"https:\/\/savibal.com\/en\/realizados\/espacio-el-conclave\/\" >\n\t\t\t\tESPACIO EL C\u00d3NCLAVE\t\t\t<\/a>\n\t\t<\/h3>\n\t\t\t\t<div class=\"elementor-post__excerpt\">\n\t\t\t<p>Reforma integral e interiorismo de Locales para Espacio El Conclave en las millas de oro de Zaragoza y Madrid.<\/p>\n\t\t<\/div>\n\t\t\n\t\t<a class=\"elementor-post__read-more\" href=\"https:\/\/savibal.com\/en\/realizados\/espacio-el-conclave\/\" aria-label=\"Read more about ESPACIO EL C\u00d3NCLAVE\" >\n\t\t\tContinue reading\t\t<\/a>\n\n\t\t\t\t<\/div>\n\t\t\t\t<\/article>\n\t\t\t\t<\/div>\n\t\t\n\t\t\t\t<\/div>\n\t\t\t\t<\/div>\n\t\t\t\t<div class=\"elementor-element elementor-element-bfb5036 elementor-grid-1 elementor-posts--align-left elementor-hidden-desktop elementor-grid-tablet-2 elementor-grid-mobile-1 elementor-posts--thumbnail-top elementor-widget elementor-widget-posts\" data-id=\"bfb5036\" data-element_type=\"widget\" data-settings=\"{&quot;classic_columns&quot;:&quot;1&quot;,&quot;classic_row_gap&quot;:{&quot;unit&quot;:&quot;px&quot;,&quot;size&quot;:39,&quot;sizes&quot;:[]},&quot;classic_row_gap_mobile&quot;:{&quot;unit&quot;:&quot;px&quot;,&quot;size&quot;:56,&quot;sizes&quot;:[]},&quot;classic_columns_tablet&quot;:&quot;2&quot;,&quot;classic_columns_mobile&quot;:&quot;1&quot;,&quot;classic_row_gap_tablet&quot;:{&quot;unit&quot;:&quot;px&quot;,&quot;size&quot;:&quot;&quot;,&quot;sizes&quot;:[]}}\" data-widget_type=\"posts.classic\">\n\t\t\t\t<div class=\"elementor-widget-container\">\n\t\t\t\t\t<div class=\"elementor-posts-container elementor-posts elementor-posts--skin-classic elementor-grid\">\n\t\t\t\t<article class=\"elementor-post elementor-grid-item post-451 realizados type-realizados status-publish has-post-thumbnail hentry\">\n\t\t\t\t<a class=\"elementor-post__thumbnail__link\" href=\"https:\/\/savibal.com\/en\/realizados\/canyamel\/\" >\n\t\t\t<div class=\"elementor-post__thumbnail\"><img decoding=\"async\" width=\"2560\" height=\"1438\" src=\"https:\/\/savibal.com\/wp-content\/uploads\/2023\/07\/casa_canyamel_0003-scaled.jpg\" class=\"attachment-full size-full wp-image-1937\" alt=\"\" loading=\"lazy\" srcset=\"https:\/\/savibal.com\/wp-content\/uploads\/2023\/07\/casa_canyamel_0003-scaled.jpg 2560w, https:\/\/savibal.com\/wp-content\/uploads\/2023\/07\/casa_canyamel_0003-300x169.jpg 300w, https:\/\/savibal.com\/wp-content\/uploads\/2023\/07\/casa_canyamel_0003-1024x575.jpg 1024w, https:\/\/savibal.com\/wp-content\/uploads\/2023\/07\/casa_canyamel_0003-768x431.jpg 768w, https:\/\/savibal.com\/wp-content\/uploads\/2023\/07\/casa_canyamel_0003-1536x863.jpg 1536w, https:\/\/savibal.com\/wp-content\/uploads\/2023\/07\/casa_canyamel_0003-2048x1151.jpg 2048w\" sizes=\"(max-width: 2560px) 100vw, 2560px\" \/><\/div>\n\t\t<\/a>\n\t\t\t\t<div class=\"elementor-post__text\">\n\t\t\t\t<h3 class=\"elementor-post__title\">\n\t\t\t<a href=\"https:\/\/savibal.com\/en\/realizados\/canyamel\/\" >\n\t\t\t\tCANYAMEL &#8211; Mar i Cel\t\t\t<\/a>\n\t\t<\/h3>\n\t\t\t\t<div class=\"elementor-post__excerpt\">\n\t\t\t<p>Mar i Cel: Project Management de villa de 1.000 metros cuadrados de superficie aislada t\u00e9rmicamente con sistema Passivehouse, con 1.000 metros cuadrados de terrazas y<\/p>\n\t\t<\/div>\n\t\t\n\t\t<a class=\"elementor-post__read-more\" href=\"https:\/\/savibal.com\/en\/realizados\/canyamel\/\" aria-label=\"Read more about CANYAMEL &#8211; Mar i Cel\" >\n\t\t\tContinue reading\t\t<\/a>\n\n\t\t\t\t<\/div>\n\t\t\t\t<\/article>\n\t\t\t\t<article class=\"elementor-post elementor-grid-item post-453 realizados type-realizados status-publish has-post-thumbnail hentry\">\n\t\t\t\t<a class=\"elementor-post__thumbnail__link\" href=\"https:\/\/savibal.com\/en\/realizados\/canyamel-ii\/\" >\n\t\t\t<div class=\"elementor-post__thumbnail\"><img decoding=\"async\" width=\"1920\" height=\"1311\" src=\"https:\/\/savibal.com\/wp-content\/uploads\/2023\/06\/d0416cd8-7e6e-49b7-80cc-6e974afc4c04.jpg\" class=\"attachment-full size-full wp-image-1366\" alt=\"\" loading=\"lazy\" srcset=\"https:\/\/savibal.com\/wp-content\/uploads\/2023\/06\/d0416cd8-7e6e-49b7-80cc-6e974afc4c04.jpg 1920w, https:\/\/savibal.com\/wp-content\/uploads\/2023\/06\/d0416cd8-7e6e-49b7-80cc-6e974afc4c04-300x205.jpg 300w, https:\/\/savibal.com\/wp-content\/uploads\/2023\/06\/d0416cd8-7e6e-49b7-80cc-6e974afc4c04-1024x699.jpg 1024w, https:\/\/savibal.com\/wp-content\/uploads\/2023\/06\/d0416cd8-7e6e-49b7-80cc-6e974afc4c04-768x524.jpg 768w, https:\/\/savibal.com\/wp-content\/uploads\/2023\/06\/d0416cd8-7e6e-49b7-80cc-6e974afc4c04-1536x1049.jpg 1536w\" sizes=\"(max-width: 1920px) 100vw, 1920px\" \/><\/div>\n\t\t<\/a>\n\t\t\t\t<div class=\"elementor-post__text\">\n\t\t\t\t<h3 class=\"elementor-post__title\">\n\t\t\t<a href=\"https:\/\/savibal.com\/en\/realizados\/canyamel-ii\/\" >\n\t\t\t\tCANYAMEL II &#8211; Vell Mar\u00ed\t\t\t<\/a>\n\t\t<\/h3>\n\t\t\t\t<div class=\"elementor-post__excerpt\">\n\t\t\t<p>Project Management de villa de 500 metros cuadrados de superficie con piscina situada en un acantilado a 60 metros sobre el mar en la costa<\/p>\n\t\t<\/div>\n\t\t\n\t\t<a class=\"elementor-post__read-more\" href=\"https:\/\/savibal.com\/en\/realizados\/canyamel-ii\/\" aria-label=\"Read more about CANYAMEL II &#8211; Vell Mar\u00ed\" >\n\t\t\tContinue reading\t\t<\/a>\n\n\t\t\t\t<\/div>\n\t\t\t\t<\/article>\n\t\t\t\t<article class=\"elementor-post elementor-grid-item post-471 realizados type-realizados status-publish has-post-thumbnail hentry\">\n\t\t\t\t<a class=\"elementor-post__thumbnail__link\" href=\"https:\/\/savibal.com\/en\/realizados\/canyamel-iii\/\" >\n\t\t\t<div class=\"elementor-post__thumbnail\"><img decoding=\"async\" width=\"2560\" height=\"1440\" src=\"https:\/\/savibal.com\/wp-content\/uploads\/2023\/07\/2021-05-26-12.57.56-scaled.jpg\" class=\"attachment-full size-full wp-image-1891\" alt=\"\" loading=\"lazy\" srcset=\"https:\/\/savibal.com\/wp-content\/uploads\/2023\/07\/2021-05-26-12.57.56-scaled.jpg 2560w, https:\/\/savibal.com\/wp-content\/uploads\/2023\/07\/2021-05-26-12.57.56-300x169.jpg 300w, https:\/\/savibal.com\/wp-content\/uploads\/2023\/07\/2021-05-26-12.57.56-1024x576.jpg 1024w, https:\/\/savibal.com\/wp-content\/uploads\/2023\/07\/2021-05-26-12.57.56-768x432.jpg 768w, https:\/\/savibal.com\/wp-content\/uploads\/2023\/07\/2021-05-26-12.57.56-1536x864.jpg 1536w, https:\/\/savibal.com\/wp-content\/uploads\/2023\/07\/2021-05-26-12.57.56-2048x1152.jpg 2048w\" sizes=\"(max-width: 2560px) 100vw, 2560px\" \/><\/div>\n\t\t<\/a>\n\t\t\t\t<div class=\"elementor-post__text\">\n\t\t\t\t<h3 class=\"elementor-post__title\">\n\t\t\t<a href=\"https:\/\/savibal.com\/en\/realizados\/canyamel-iii\/\" >\n\t\t\t\tCANYAMEL III &#8211; Villa de Sue\u00f1os\t\t\t<\/a>\n\t\t<\/h3>\n\t\t\t\t<div class=\"elementor-post__excerpt\">\n\t\t\t<p>Project Management y venta de villa de 350 metros cuadrados de superficie m\u00e1s piscina de estilo californiano, en la costa de Canyamel. Arquitecto: Esteva i<\/p>\n\t\t<\/div>\n\t\t\n\t\t<a class=\"elementor-post__read-more\" href=\"https:\/\/savibal.com\/en\/realizados\/canyamel-iii\/\" aria-label=\"Read more about CANYAMEL III &#8211; Villa de Sue\u00f1os\" >\n\t\t\tContinue reading\t\t<\/a>\n\n\t\t\t\t<\/div>\n\t\t\t\t<\/article>\n\t\t\t\t<article class=\"elementor-post elementor-grid-item post-473 realizados type-realizados status-publish has-post-thumbnail hentry\">\n\t\t\t\t<a class=\"elementor-post__thumbnail__link\" href=\"https:\/\/savibal.com\/en\/realizados\/cala-anguila\/\" >\n\t\t\t<div class=\"elementor-post__thumbnail\"><img decoding=\"async\" width=\"1259\" height=\"619\" src=\"https:\/\/savibal.com\/wp-content\/uploads\/2023\/06\/Captura-de-pantalla-2023-05-26-152950.png\" class=\"attachment-full size-full wp-image-705\" alt=\"\" loading=\"lazy\" srcset=\"https:\/\/savibal.com\/wp-content\/uploads\/2023\/06\/Captura-de-pantalla-2023-05-26-152950.png 1259w, https:\/\/savibal.com\/wp-content\/uploads\/2023\/06\/Captura-de-pantalla-2023-05-26-152950-300x147.png 300w, https:\/\/savibal.com\/wp-content\/uploads\/2023\/06\/Captura-de-pantalla-2023-05-26-152950-1024x503.png 1024w, https:\/\/savibal.com\/wp-content\/uploads\/2023\/06\/Captura-de-pantalla-2023-05-26-152950-768x378.png 768w\" sizes=\"(max-width: 1259px) 100vw, 1259px\" \/><\/div>\n\t\t<\/a>\n\t\t\t\t<div class=\"elementor-post__text\">\n\t\t\t\t<h3 class=\"elementor-post__title\">\n\t\t\t<a href=\"https:\/\/savibal.com\/en\/realizados\/cala-anguila\/\" >\n\t\t\t\tCALA ANGUILA\t\t\t<\/a>\n\t\t<\/h3>\n\t\t\t\t<div class=\"elementor-post__excerpt\">\n\t\t\t<p>A\u00f1o 2006: Promoci\u00f3n, Project Management y comercializaci\u00f3n de urbanizaci\u00f3n de 39 viviendas con piscina en la zona de Cala Anguila.<\/p>\n\t\t<\/div>\n\t\t\n\t\t<a class=\"elementor-post__read-more\" href=\"https:\/\/savibal.com\/en\/realizados\/cala-anguila\/\" aria-label=\"Read more about CALA ANGUILA\" >\n\t\t\tContinue reading\t\t<\/a>\n\n\t\t\t\t<\/div>\n\t\t\t\t<\/article>\n\t\t\t\t<article class=\"elementor-post elementor-grid-item post-475 realizados type-realizados status-publish has-post-thumbnail hentry\">\n\t\t\t\t<a class=\"elementor-post__thumbnail__link\" href=\"https:\/\/savibal.com\/en\/realizados\/capdepera\/\" >\n\t\t\t<div class=\"elementor-post__thumbnail\"><img decoding=\"async\" width=\"2048\" height=\"1348\" src=\"https:\/\/savibal.com\/wp-content\/uploads\/2023\/06\/WhatsApp-Image-2024-03-18-at-09.40.28.jpeg\" class=\"attachment-full size-full wp-image-2085\" alt=\"\" loading=\"lazy\" srcset=\"https:\/\/savibal.com\/wp-content\/uploads\/2023\/06\/WhatsApp-Image-2024-03-18-at-09.40.28.jpeg 2048w, https:\/\/savibal.com\/wp-content\/uploads\/2023\/06\/WhatsApp-Image-2024-03-18-at-09.40.28-300x197.jpeg 300w, https:\/\/savibal.com\/wp-content\/uploads\/2023\/06\/WhatsApp-Image-2024-03-18-at-09.40.28-1024x674.jpeg 1024w, https:\/\/savibal.com\/wp-content\/uploads\/2023\/06\/WhatsApp-Image-2024-03-18-at-09.40.28-768x506.jpeg 768w, https:\/\/savibal.com\/wp-content\/uploads\/2023\/06\/WhatsApp-Image-2024-03-18-at-09.40.28-1536x1011.jpeg 1536w\" sizes=\"(max-width: 2048px) 100vw, 2048px\" \/><\/div>\n\t\t<\/a>\n\t\t\t\t<div class=\"elementor-post__text\">\n\t\t\t\t<h3 class=\"elementor-post__title\">\n\t\t\t<a href=\"https:\/\/savibal.com\/en\/realizados\/capdepera\/\" >\n\t\t\t\tCAPDEPERA\t\t\t<\/a>\n\t\t<\/h3>\n\t\t\t\t<div class=\"elementor-post__excerpt\">\n\t\t\t<p>Rehabilitaci\u00f3n integral y Construcci\u00f3n de Townhouse estilo mallorqu\u00edn con patio y piscina en el centro del pueblo costero de Capdepera. Arquitecto: Nadal Arquitectos<\/p>\n\t\t<\/div>\n\t\t\n\t\t<a class=\"elementor-post__read-more\" href=\"https:\/\/savibal.com\/en\/realizados\/capdepera\/\" aria-label=\"Read more about CAPDEPERA\" >\n\t\t\tContinue reading\t\t<\/a>\n\n\t\t\t\t<\/div>\n\t\t\t\t<\/article>\n\t\t\t\t<article class=\"elementor-post elementor-grid-item post-477 realizados type-realizados status-publish has-post-thumbnail hentry\">\n\t\t\t\t<a class=\"elementor-post__thumbnail__link\" href=\"https:\/\/savibal.com\/en\/realizados\/espacio-el-conclave\/\" >\n\t\t\t<div class=\"elementor-post__thumbnail\"><img decoding=\"async\" width=\"640\" height=\"576\" src=\"https:\/\/savibal.com\/wp-content\/uploads\/2023\/06\/311115299_509449994521675_8149761710092084218_n.jpg\" class=\"attachment-full size-full wp-image-478\" alt=\"\" loading=\"lazy\" srcset=\"https:\/\/savibal.com\/wp-content\/uploads\/2023\/06\/311115299_509449994521675_8149761710092084218_n.jpg 640w, https:\/\/savibal.com\/wp-content\/uploads\/2023\/06\/311115299_509449994521675_8149761710092084218_n-300x270.jpg 300w\" sizes=\"(max-width: 640px) 100vw, 640px\" \/><\/div>\n\t\t<\/a>\n\t\t\t\t<div class=\"elementor-post__text\">\n\t\t\t\t<h3 class=\"elementor-post__title\">\n\t\t\t<a href=\"https:\/\/savibal.com\/en\/realizados\/espacio-el-conclave\/\" >\n\t\t\t\tESPACIO EL C\u00d3NCLAVE\t\t\t<\/a>\n\t\t<\/h3>\n\t\t\t\t<div class=\"elementor-post__excerpt\">\n\t\t\t<p>Reforma integral e interiorismo de Locales para Espacio El Conclave en las millas de oro de Zaragoza y Madrid.<\/p>\n\t\t<\/div>\n\t\t\n\t\t<a class=\"elementor-post__read-more\" href=\"https:\/\/savibal.com\/en\/realizados\/espacio-el-conclave\/\" aria-label=\"Read more about ESPACIO EL C\u00d3NCLAVE\" >\n\t\t\tContinue reading\t\t<\/a>\n\n\t\t\t\t<\/div>\n\t\t\t\t<\/article>\n\t\t\t\t<\/div>\n\t\t\n\t\t\t\t<\/div>\n\t\t\t\t<\/div>\n\t\t\t\t\t<\/div>\n\t\t<\/div>\n\t\t\t\t\t\t\t<\/div>\n\t\t<\/section>\n\t\t\t\t<section class=\"elementor-section elementor-top-section elementor-element elementor-element-fa1a2d9 elementor-section-full_width elementor-section-height-default elementor-section-height-default\" data-id=\"fa1a2d9\" data-element_type=\"section\">\n\t\t\t\t\t\t<div class=\"elementor-container elementor-column-gap-default\">\n\t\t\t\t\t<div class=\"elementor-column elementor-col-100 elementor-top-column elementor-element elementor-element-4dd8164 animated-slow elementor-invisible\" data-id=\"4dd8164\" data-element_type=\"column\" data-settings=\"{&quot;animation&quot;:&quot;fadeInUp&quot;}\">\n\t\t\t<div class=\"elementor-widget-wrap elementor-element-populated\">\n\t\t\t\t\t\t\t\t<div class=\"elementor-element elementor-element-4e406df elementor-grid-1 elementor-posts--thumbnail-left elementor-posts--align-left elementor-hidden-tablet elementor-hidden-mobile elementor-grid-tablet-2 elementor-grid-mobile-1 elementor-widget elementor-widget-posts\" data-id=\"4e406df\" data-element_type=\"widget\" data-settings=\"{&quot;classic_columns&quot;:&quot;1&quot;,&quot;classic_row_gap&quot;:{&quot;unit&quot;:&quot;px&quot;,&quot;size&quot;:39,&quot;sizes&quot;:[]},&quot;classic_columns_tablet&quot;:&quot;2&quot;,&quot;classic_columns_mobile&quot;:&quot;1&quot;,&quot;classic_row_gap_tablet&quot;:{&quot;unit&quot;:&quot;px&quot;,&quot;size&quot;:&quot;&quot;,&quot;sizes&quot;:[]},&quot;classic_row_gap_mobile&quot;:{&quot;unit&quot;:&quot;px&quot;,&quot;size&quot;:&quot;&quot;,&quot;sizes&quot;:[]}}\" data-widget_type=\"posts.classic\">\n\t\t\t\t<div class=\"elementor-widget-container\">\n\t\t\t\t\t<div class=\"elementor-posts-container elementor-posts elementor-posts--skin-classic elementor-grid\">\n\t\t\t\t<article class=\"elementor-post elementor-grid-item post-1099 reformas type-reformas status-publish has-post-thumbnail hentry\">\n\t\t\t\t<a class=\"elementor-post__thumbnail__link\" href=\"https:\/\/savibal.com\/en\/reformas\/hotel-monasterio-benedictino\/\" >\n\t\t\t<div class=\"elementor-post__thumbnail\"><img decoding=\"async\" width=\"551\" height=\"412\" src=\"https:\/\/savibal.com\/wp-content\/uploads\/2023\/07\/Captura-de-pantalla-2023-07-04-094100.png\" class=\"attachment-full size-full wp-image-1100\" alt=\"\" loading=\"lazy\" srcset=\"https:\/\/savibal.com\/wp-content\/uploads\/2023\/07\/Captura-de-pantalla-2023-07-04-094100.png 551w, https:\/\/savibal.com\/wp-content\/uploads\/2023\/07\/Captura-de-pantalla-2023-07-04-094100-300x224.png 300w\" sizes=\"(max-width: 551px) 100vw, 551px\" \/><\/div>\n\t\t<\/a>\n\t\t\t\t<div class=\"elementor-post__text\">\n\t\t\t\t<h3 class=\"elementor-post__title\">\n\t\t\t<a href=\"https:\/\/savibal.com\/en\/reformas\/hotel-monasterio-benedictino\/\" >\n\t\t\t\tHOTEL MONASTERIO BENEDICTINO\t\t\t<\/a>\n\t\t<\/h3>\n\t\t\t\t<div class=\"elementor-post__excerpt\">\n\t\t\t<p>Reforma integral e interiorismo \u2013 2004.<\/p>\n\t\t<\/div>\n\t\t\t\t<\/div>\n\t\t\t\t<\/article>\n\t\t\t\t<article class=\"elementor-post elementor-grid-item post-1095 reformas type-reformas status-publish has-post-thumbnail hentry\">\n\t\t\t\t<a class=\"elementor-post__thumbnail__link\" href=\"https:\/\/savibal.com\/en\/reformas\/spa-aguaslimpias-formigal\/\" >\n\t\t\t<div class=\"elementor-post__thumbnail\"><img decoding=\"async\" width=\"552\" height=\"358\" src=\"https:\/\/savibal.com\/wp-content\/uploads\/2023\/07\/spa-2.png\" class=\"attachment-full size-full wp-image-1104\" alt=\"\" loading=\"lazy\" srcset=\"https:\/\/savibal.com\/wp-content\/uploads\/2023\/07\/spa-2.png 552w, https:\/\/savibal.com\/wp-content\/uploads\/2023\/07\/spa-2-300x195.png 300w\" sizes=\"(max-width: 552px) 100vw, 552px\" \/><\/div>\n\t\t<\/a>\n\t\t\t\t<div class=\"elementor-post__text\">\n\t\t\t\t<h3 class=\"elementor-post__title\">\n\t\t\t<a href=\"https:\/\/savibal.com\/en\/reformas\/spa-aguaslimpias-formigal\/\" >\n\t\t\t\tSPA AGUASLIMPIAS, FORMIGAL\t\t\t<\/a>\n\t\t<\/h3>\n\t\t\t\t<div class=\"elementor-post__excerpt\">\n\t\t\t<p>Construcci\u00f3n e interiorismo &#8211; A\u00f1o 2005.<\/p>\n\t\t<\/div>\n\t\t\t\t<\/div>\n\t\t\t\t<\/article>\n\t\t\t\t<article class=\"elementor-post elementor-grid-item post-1093 reformas type-reformas status-publish has-post-thumbnail hentry\">\n\t\t\t\t<a class=\"elementor-post__thumbnail__link\" href=\"https:\/\/savibal.com\/en\/reformas\/hotel-ordesa-pirineo-aragones\/\" >\n\t\t\t<div class=\"elementor-post__thumbnail\"><img decoding=\"async\" width=\"655\" height=\"432\" src=\"https:\/\/savibal.com\/wp-content\/uploads\/2023\/07\/hotel-ordesa.png\" class=\"attachment-full size-full wp-image-1101\" alt=\"\" loading=\"lazy\" srcset=\"https:\/\/savibal.com\/wp-content\/uploads\/2023\/07\/hotel-ordesa.png 655w, https:\/\/savibal.com\/wp-content\/uploads\/2023\/07\/hotel-ordesa-300x198.png 300w\" sizes=\"(max-width: 655px) 100vw, 655px\" \/><\/div>\n\t\t<\/a>\n\t\t\t\t<div class=\"elementor-post__text\">\n\t\t\t\t<h3 class=\"elementor-post__title\">\n\t\t\t<a href=\"https:\/\/savibal.com\/en\/reformas\/hotel-ordesa-pirineo-aragones\/\" >\n\t\t\t\tHOTEL ORDESA, PIRINEO ARAGON\u00c9S\t\t\t<\/a>\n\t\t<\/h3>\n\t\t\t\t<div class=\"elementor-post__excerpt\">\n\t\t\t<p>&nbsp;Reforma integral e interiorismo &#8211; A\u00f1o 2004.<\/p>\n\t\t<\/div>\n\t\t\t\t<\/div>\n\t\t\t\t<\/article>\n\t\t\t\t<article class=\"elementor-post elementor-grid-item post-1090 reformas type-reformas status-publish has-post-thumbnail hentry\">\n\t\t\t\t<a class=\"elementor-post__thumbnail__link\" href=\"https:\/\/savibal.com\/en\/reformas\/basilica-del-pilar\/\" >\n\t\t\t<div class=\"elementor-post__thumbnail\"><img decoding=\"async\" width=\"833\" height=\"418\" src=\"https:\/\/savibal.com\/wp-content\/uploads\/2023\/07\/Captura-de-pantalla-2023-07-04-094340.png\" class=\"attachment-full size-full wp-image-1091\" alt=\"\" loading=\"lazy\" srcset=\"https:\/\/savibal.com\/wp-content\/uploads\/2023\/07\/Captura-de-pantalla-2023-07-04-094340.png 833w, https:\/\/savibal.com\/wp-content\/uploads\/2023\/07\/Captura-de-pantalla-2023-07-04-094340-300x151.png 300w, https:\/\/savibal.com\/wp-content\/uploads\/2023\/07\/Captura-de-pantalla-2023-07-04-094340-768x385.png 768w\" sizes=\"(max-width: 833px) 100vw, 833px\" \/><\/div>\n\t\t<\/a>\n\t\t\t\t<div class=\"elementor-post__text\">\n\t\t\t\t<h3 class=\"elementor-post__title\">\n\t\t\t<a href=\"https:\/\/savibal.com\/en\/reformas\/basilica-del-pilar\/\" >\n\t\t\t\tBAS\u00cdLICA DEL PILAR\t\t\t<\/a>\n\t\t<\/h3>\n\t\t\t\t<div class=\"elementor-post__excerpt\">\n\t\t\t<p>Restauraci\u00f3n de las torres Sur de la Bas\u00edlica del Pilar en Zaragoza &#8211; 2004<\/p>\n\t\t<\/div>\n\t\t\t\t<\/div>\n\t\t\t\t<\/article>\n\t\t\t\t<\/div>\n\t\t\n\t\t\t\t<\/div>\n\t\t\t\t<\/div>\n\t\t\t\t<div class=\"elementor-element elementor-element-e6a2e7c elementor-grid-1 elementor-posts--align-left elementor-hidden-desktop elementor-grid-tablet-2 elementor-grid-mobile-1 elementor-posts--thumbnail-top elementor-widget elementor-widget-posts\" data-id=\"e6a2e7c\" data-element_type=\"widget\" data-settings=\"{&quot;classic_columns&quot;:&quot;1&quot;,&quot;classic_row_gap&quot;:{&quot;unit&quot;:&quot;px&quot;,&quot;size&quot;:39,&quot;sizes&quot;:[]},&quot;classic_row_gap_mobile&quot;:{&quot;unit&quot;:&quot;px&quot;,&quot;size&quot;:56,&quot;sizes&quot;:[]},&quot;classic_columns_tablet&quot;:&quot;2&quot;,&quot;classic_columns_mobile&quot;:&quot;1&quot;,&quot;classic_row_gap_tablet&quot;:{&quot;unit&quot;:&quot;px&quot;,&quot;size&quot;:&quot;&quot;,&quot;sizes&quot;:[]}}\" data-widget_type=\"posts.classic\">\n\t\t\t\t<div class=\"elementor-widget-container\">\n\t\t\t\t\t<div class=\"elementor-posts-container elementor-posts elementor-posts--skin-classic elementor-grid\">\n\t\t\t\t<article class=\"elementor-post elementor-grid-item post-1099 reformas type-reformas status-publish has-post-thumbnail hentry\">\n\t\t\t\t<a class=\"elementor-post__thumbnail__link\" href=\"https:\/\/savibal.com\/en\/reformas\/hotel-monasterio-benedictino\/\" >\n\t\t\t<div class=\"elementor-post__thumbnail\"><img decoding=\"async\" width=\"551\" height=\"412\" src=\"https:\/\/savibal.com\/wp-content\/uploads\/2023\/07\/Captura-de-pantalla-2023-07-04-094100.png\" class=\"attachment-full size-full wp-image-1100\" alt=\"\" loading=\"lazy\" srcset=\"https:\/\/savibal.com\/wp-content\/uploads\/2023\/07\/Captura-de-pantalla-2023-07-04-094100.png 551w, https:\/\/savibal.com\/wp-content\/uploads\/2023\/07\/Captura-de-pantalla-2023-07-04-094100-300x224.png 300w\" sizes=\"(max-width: 551px) 100vw, 551px\" \/><\/div>\n\t\t<\/a>\n\t\t\t\t<div class=\"elementor-post__text\">\n\t\t\t\t<h3 class=\"elementor-post__title\">\n\t\t\t<a href=\"https:\/\/savibal.com\/en\/reformas\/hotel-monasterio-benedictino\/\" >\n\t\t\t\tHOTEL MONASTERIO BENEDICTINO\t\t\t<\/a>\n\t\t<\/h3>\n\t\t\t\t<div class=\"elementor-post__excerpt\">\n\t\t\t<p>Reforma integral e interiorismo \u2013 2004.<\/p>\n\t\t<\/div>\n\t\t\t\t<\/div>\n\t\t\t\t<\/article>\n\t\t\t\t<article class=\"elementor-post elementor-grid-item post-1095 reformas type-reformas status-publish has-post-thumbnail hentry\">\n\t\t\t\t<a class=\"elementor-post__thumbnail__link\" href=\"https:\/\/savibal.com\/en\/reformas\/spa-aguaslimpias-formigal\/\" >\n\t\t\t<div class=\"elementor-post__thumbnail\"><img decoding=\"async\" width=\"552\" height=\"358\" src=\"https:\/\/savibal.com\/wp-content\/uploads\/2023\/07\/spa-2.png\" class=\"attachment-full size-full wp-image-1104\" alt=\"\" loading=\"lazy\" srcset=\"https:\/\/savibal.com\/wp-content\/uploads\/2023\/07\/spa-2.png 552w, https:\/\/savibal.com\/wp-content\/uploads\/2023\/07\/spa-2-300x195.png 300w\" sizes=\"(max-width: 552px) 100vw, 552px\" \/><\/div>\n\t\t<\/a>\n\t\t\t\t<div class=\"elementor-post__text\">\n\t\t\t\t<h3 class=\"elementor-post__title\">\n\t\t\t<a href=\"https:\/\/savibal.com\/en\/reformas\/spa-aguaslimpias-formigal\/\" >\n\t\t\t\tSPA AGUASLIMPIAS, FORMIGAL\t\t\t<\/a>\n\t\t<\/h3>\n\t\t\t\t<div class=\"elementor-post__excerpt\">\n\t\t\t<p>Construcci\u00f3n e interiorismo &#8211; A\u00f1o 2005.<\/p>\n\t\t<\/div>\n\t\t\t\t<\/div>\n\t\t\t\t<\/article>\n\t\t\t\t<article class=\"elementor-post elementor-grid-item post-1093 reformas type-reformas status-publish has-post-thumbnail hentry\">\n\t\t\t\t<a class=\"elementor-post__thumbnail__link\" href=\"https:\/\/savibal.com\/en\/reformas\/hotel-ordesa-pirineo-aragones\/\" >\n\t\t\t<div class=\"elementor-post__thumbnail\"><img decoding=\"async\" width=\"655\" height=\"432\" src=\"https:\/\/savibal.com\/wp-content\/uploads\/2023\/07\/hotel-ordesa.png\" class=\"attachment-full size-full wp-image-1101\" alt=\"\" loading=\"lazy\" srcset=\"https:\/\/savibal.com\/wp-content\/uploads\/2023\/07\/hotel-ordesa.png 655w, https:\/\/savibal.com\/wp-content\/uploads\/2023\/07\/hotel-ordesa-300x198.png 300w\" sizes=\"(max-width: 655px) 100vw, 655px\" \/><\/div>\n\t\t<\/a>\n\t\t\t\t<div class=\"elementor-post__text\">\n\t\t\t\t<h3 class=\"elementor-post__title\">\n\t\t\t<a href=\"https:\/\/savibal.com\/en\/reformas\/hotel-ordesa-pirineo-aragones\/\" >\n\t\t\t\tHOTEL ORDESA, PIRINEO ARAGON\u00c9S\t\t\t<\/a>\n\t\t<\/h3>\n\t\t\t\t<div class=\"elementor-post__excerpt\">\n\t\t\t<p>&nbsp;Reforma integral e interiorismo &#8211; A\u00f1o 2004.<\/p>\n\t\t<\/div>\n\t\t\t\t<\/div>\n\t\t\t\t<\/article>\n\t\t\t\t<article class=\"elementor-post elementor-grid-item post-1090 reformas type-reformas status-publish has-post-thumbnail hentry\">\n\t\t\t\t<a class=\"elementor-post__thumbnail__link\" href=\"https:\/\/savibal.com\/en\/reformas\/basilica-del-pilar\/\" >\n\t\t\t<div class=\"elementor-post__thumbnail\"><img decoding=\"async\" width=\"833\" height=\"418\" src=\"https:\/\/savibal.com\/wp-content\/uploads\/2023\/07\/Captura-de-pantalla-2023-07-04-094340.png\" class=\"attachment-full size-full wp-image-1091\" alt=\"\" loading=\"lazy\" srcset=\"https:\/\/savibal.com\/wp-content\/uploads\/2023\/07\/Captura-de-pantalla-2023-07-04-094340.png 833w, https:\/\/savibal.com\/wp-content\/uploads\/2023\/07\/Captura-de-pantalla-2023-07-04-094340-300x151.png 300w, https:\/\/savibal.com\/wp-content\/uploads\/2023\/07\/Captura-de-pantalla-2023-07-04-094340-768x385.png 768w\" sizes=\"(max-width: 833px) 100vw, 833px\" \/><\/div>\n\t\t<\/a>\n\t\t\t\t<div class=\"elementor-post__text\">\n\t\t\t\t<h3 class=\"elementor-post__title\">\n\t\t\t<a href=\"https:\/\/savibal.com\/en\/reformas\/basilica-del-pilar\/\" >\n\t\t\t\tBAS\u00cdLICA DEL PILAR\t\t\t<\/a>\n\t\t<\/h3>\n\t\t\t\t<div class=\"elementor-post__excerpt\">\n\t\t\t<p>Restauraci\u00f3n de las torres Sur de la Bas\u00edlica del Pilar en Zaragoza &#8211; 2004<\/p>\n\t\t<\/div>\n\t\t\t\t<\/div>\n\t\t\t\t<\/article>\n\t\t\t\t<\/div>\n\t\t\n\t\t\t\t<\/div>\n\t\t\t\t<\/div>\n\t\t\t\t\t<\/div>\n\t\t<\/div>\n\t\t\t\t\t\t\t<\/div>\n\t\t<\/section>\n\t\t\t\t<section class=\"elementor-section elementor-top-section elementor-element elementor-element-84c3977 elementor-section-full_width elementor-section-height-default elementor-section-height-default\" data-id=\"84c3977\" data-element_type=\"section\" data-settings=\"{&quot;background_background&quot;:&quot;classic&quot;}\">\n\t\t\t\t\t\t<div class=\"elementor-container elementor-column-gap-default\">\n\t\t\t\t\t<div class=\"elementor-column elementor-col-50 elementor-top-column elementor-element elementor-element-1225fc6 elementor-invisible\" data-id=\"1225fc6\" data-element_type=\"column\" data-settings=\"{&quot;animation&quot;:&quot;fadeIn&quot;}\">\n\t\t\t<div class=\"elementor-widget-wrap elementor-element-populated\">\n\t\t\t\t\t\t\t\t<div class=\"elementor-element elementor-element-73c2ddc elementor-widget elementor-widget-text-editor\" data-id=\"73c2ddc\" data-element_type=\"widget\" data-widget_type=\"text-editor.default\">\n\t\t\t\t<div class=\"elementor-widget-container\">\n\t\t\t\t\t\t\t<p>Integral reforms and interior design of apartments, premises and offices.<\/p>\n\t\t\t\t\t\t<\/div>\n\t\t\t\t<\/div>\n\t\t\t\t\t<\/div>\n\t\t<\/div>\n\t\t\t\t<div class=\"elementor-column elementor-col-50 elementor-top-column elementor-element elementor-element-c6d7eb4 elementor-invisible\" data-id=\"c6d7eb4\" data-element_type=\"column\" data-settings=\"{&quot;background_background&quot;:&quot;classic&quot;,&quot;animation&quot;:&quot;fadeInUp&quot;}\">\n\t\t\t<div class=\"elementor-widget-wrap elementor-element-populated\">\n\t\t\t\t\t\t\t\t<div class=\"elementor-element elementor-element-2b7c993 elementor-widget elementor-widget-image\" data-id=\"2b7c993\" data-element_type=\"widget\" data-widget_type=\"image.default\">\n\t\t\t\t<div class=\"elementor-widget-container\">\n\t\t\t\t\t\t\t\t\t\t\t\t\t\t\t<img decoding=\"async\" width=\"1536\" height=\"922\" src=\"https:\/\/savibal.com\/wp-content\/uploads\/2023\/06\/dinning_room-1536x922.jpg\" class=\"attachment-1536x1536 size-1536x1536 wp-image-1514\" alt=\"\" loading=\"lazy\" srcset=\"https:\/\/savibal.com\/wp-content\/uploads\/2023\/06\/dinning_room-1536x922.jpg 1536w, https:\/\/savibal.com\/wp-content\/uploads\/2023\/06\/dinning_room-300x180.jpg 300w, https:\/\/savibal.com\/wp-content\/uploads\/2023\/06\/dinning_room-1024x614.jpg 1024w, https:\/\/savibal.com\/wp-content\/uploads\/2023\/06\/dinning_room-768x461.jpg 768w, https:\/\/savibal.com\/wp-content\/uploads\/2023\/06\/dinning_room-2048x1229.jpg 2048w\" sizes=\"(max-width: 1536px) 100vw, 1536px\" \/>\t\t\t\t\t\t\t\t\t\t\t\t\t\t\t<\/div>\n\t\t\t\t<\/div>\n\t\t\t\t\t<\/div>\n\t\t<\/div>\n\t\t\t\t\t\t\t<\/div>\n\t\t<\/section>\n\t\t\t\t\t\t\t<\/div>\n\t\t","protected":false},"excerpt":{"rendered":"<p>COMPLETED Integral reforms and interior design of apartments, premises and offices.<\/p>\n","protected":false},"author":1,"featured_media":0,"parent":0,"menu_order":0,"comment_status":"closed","ping_status":"closed","template":"","meta":[],"acf":[],"_links":{"self":[{"href":"https:\/\/savibal.com\/en\/wp-json\/wp\/v2\/pages\/1831"}],"collection":[{"href":"https:\/\/savibal.com\/en\/wp-json\/wp\/v2\/pages"}],"about":[{"href":"https:\/\/savibal.com\/en\/wp-json\/wp\/v2\/types\/page"}],"author":[{"embeddable":true,"href":"https:\/\/savibal.com\/en\/wp-json\/wp\/v2\/users\/1"}],"replies":[{"embeddable":true,"href":"https:\/\/savibal.com\/en\/wp-json\/wp\/v2\/comments?post=1831"}],"version-history":[{"count":4,"href":"https:\/\/savibal.com\/en\/wp-json\/wp\/v2\/pages\/1831\/revisions"}],"predecessor-version":[{"id":2252,"href":"https:\/\/savibal.com\/en\/wp-json\/wp\/v2\/pages\/1831\/revisions\/2252"}],"wp:attachment":[{"href":"https:\/\/savibal.com\/en\/wp-json\/wp\/v2\/media?parent=1831"}],"curies":[{"name":"wp","href":"https:\/\/api.w.org\/{rel}","templated":true}]}}